{"id":877,"date":"2023-09-22T14:14:02","date_gmt":"2023-09-22T12:14:02","guid":{"rendered":"https:\/\/quatronum.pl\/pp\/?page_id=877"},"modified":"2024-10-28T10:41:33","modified_gmt":"2024-10-28T09:41:33","slug":"konferencja","status":"publish","type":"page","link":"https:\/\/quatronum.pl\/pp\/konferencja\/","title":{"rendered":"Konferencja"},"content":{"rendered":"\t\t<div data-elementor-type=\"wp-page\" data-elementor-id=\"877\" class=\"elementor elementor-877\" data-elementor-post-type=\"page\">\n\t\t\t\t\t\t<section class=\"elementor-section elementor-top-section elementor-element elementor-element-1abbd52 elementor-section-boxed elementor-section-height-default elementor-section-height-default\" data-id=\"1abbd52\" data-element_type=\"section\">\n\t\t\t\t\t\t<div class=\"elementor-container elementor-column-gap-default\">\n\t\t\t\t\t<div class=\"elementor-column elementor-col-100 elementor-top-column elementor-element elementor-element-461aa85\" data-id=\"461aa85\" data-element_type=\"column\">\n\t\t\t<div class=\"elementor-widget-wrap elementor-element-populated\">\n\t\t\t\t\t\t<div class=\"elementor-element elementor-element-f0626a0 elementor-widget elementor-widget-heading\" data-id=\"f0626a0\" data-element_type=\"widget\" data-widget_type=\"heading.default\">\n\t\t\t\t<div class=\"elementor-widget-container\">\n\t\t\t\t\t<h2 class=\"elementor-heading-title elementor-size-default\">II \u015al\u0105ska Konferencja \"Poczuj, \u017ceby zrozumie\u0107\"<\/h2>\t\t\t\t<\/div>\n\t\t\t\t<\/div>\n\t\t\t\t\t<\/div>\n\t\t<\/div>\n\t\t\t\t\t<\/div>\n\t\t<\/section>\n\t\t\t\t<section class=\"elementor-section elementor-top-section elementor-element elementor-element-c4555ab elementor-section-boxed elementor-section-height-default elementor-section-height-default\" data-id=\"c4555ab\" data-element_type=\"section\">\n\t\t\t\t\t\t<div class=\"elementor-container elementor-column-gap-no\">\n\t\t\t\t\t<div class=\"elementor-column elementor-col-100 elementor-top-column elementor-element elementor-element-6042d80\" data-id=\"6042d80\" data-element_type=\"column\">\n\t\t\t<div class=\"elementor-widget-wrap elementor-element-populated\">\n\t\t\t\t\t\t<div class=\"elementor-element elementor-element-b53705b elementor-widget-divider--view-line elementor-widget elementor-widget-divider\" data-id=\"b53705b\" data-element_type=\"widget\" data-widget_type=\"divider.default\">\n\t\t\t\t<div class=\"elementor-widget-container\">\n\t\t\t\t\t\t\t<div class=\"elementor-divider\">\n\t\t\t<span class=\"elementor-divider-separator\">\n\t\t\t\t\t\t<\/span>\n\t\t<\/div>\n\t\t\t\t\t\t<\/div>\n\t\t\t\t<\/div>\n\t\t\t\t<section class=\"elementor-section elementor-inner-section elementor-element elementor-element-65adf0f elementor-section-boxed elementor-section-height-default elementor-section-height-default\" data-id=\"65adf0f\" data-element_type=\"section\">\n\t\t\t\t\t\t<div class=\"elementor-container elementor-column-gap-default\">\n\t\t\t\t\t<div class=\"elementor-column elementor-col-50 elementor-inner-column elementor-element elementor-element-5e99048\" data-id=\"5e99048\" data-element_type=\"column\">\n\t\t\t<div class=\"elementor-widget-wrap elementor-element-populated\">\n\t\t\t\t\t\t<div class=\"elementor-element elementor-element-80f8b9f elementor-widget elementor-widget-text-editor\" data-id=\"80f8b9f\" data-element_type=\"widget\" data-widget_type=\"text-editor.default\">\n\t\t\t\t<div class=\"elementor-widget-container\">\n\t\t\t\t\t\t\t\t\t<p><strong>Dlaczego warto si\u0119 spotka\u0107 ?\u00a0 <\/strong><span style=\"color: var( --e-global-color-text ); letter-spacing: 0.6px; background-color: var(--nv-site-bg); text-transform: var(--bodytexttransform);\">Zauwa\u017cmy istniej\u0105cy problem zwi\u0105zanym z potrzebami os\u00f3b starszych i niepe\u0142nosprawnych. Budujmy \u015bwiadomo\u015b\u0107, wzmacniajmy siebie w podejmowanych rozwi\u0105zaniach.<\/span><\/p><p><strong>Cel konferencji.<\/strong>Celem konferencji jest budowanie \u015bwiadomo\u015bci oraz wra\u017cliwo\u015bci na istniej\u0105cy problem niewidzialnych spo\u0142ecznie potrzeb os\u00f3b starszych oraz przedstawienie mo\u017cliwo\u015bci jego rozwi\u0105zania za pomoc\u0105 projektu &#8222;Poczuj, \u017ceby zrozumie\u0107&#8221;<\/p><p><span style=\"text-decoration: underline; color: #008000;\"><a style=\"color: #008000;\" href=\"https:\/\/quatronum.pl\/pp\/wp-content\/uploads\/2024\/10\/Plan_konferencji_bialy_21_x.png\"><strong>Program Konferencji -do pobrania<\/strong><\/a><\/span><\/p><h2><a href=\"https:\/\/quatronum.pl\/pp\/fotorelacja-ii\/\"><strong>FOTORELACJA<\/strong><\/a><\/h2><p>Zdj\u0119cia wykona\u0142a Pani Anna Binda<\/p>\t\t\t\t\t\t\t\t<\/div>\n\t\t\t\t<\/div>\n\t\t\t\t\t<\/div>\n\t\t<\/div>\n\t\t\t\t<div class=\"elementor-column elementor-col-50 elementor-inner-column elementor-element elementor-element-f358702\" data-id=\"f358702\" data-element_type=\"column\">\n\t\t\t<div class=\"elementor-widget-wrap elementor-element-populated\">\n\t\t\t\t\t\t<div class=\"elementor-element elementor-element-fea751f elementor-widget elementor-widget-image\" data-id=\"fea751f\" data-element_type=\"widget\" data-widget_type=\"image.default\">\n\t\t\t\t<div class=\"elementor-widget-container\">\n\t\t\t\t\t\t\t\t\t\t\t\t\t\t\t\t<a href=\"https:\/\/www.facebook.com\/events\/759819449628780\">\n\t\t\t\t\t\t\t<img fetchpriority=\"high\" decoding=\"async\" width=\"725\" height=\"1024\" src=\"https:\/\/quatronum.pl\/pp\/wp-content\/uploads\/2024\/10\/List-od-Minister-Marzeny-Okly-Drewnowicz_page-00011-725x1024.jpg\" class=\"attachment-large size-large wp-image-84319\" alt=\"\" srcset=\"https:\/\/quatronum.pl\/pp\/wp-content\/uploads\/2024\/10\/List-od-Minister-Marzeny-Okly-Drewnowicz_page-00011-725x1024.jpg 725w, https:\/\/quatronum.pl\/pp\/wp-content\/uploads\/2024\/10\/List-od-Minister-Marzeny-Okly-Drewnowicz_page-00011-212x300.jpg 212w, https:\/\/quatronum.pl\/pp\/wp-content\/uploads\/2024\/10\/List-od-Minister-Marzeny-Okly-Drewnowicz_page-00011-768x1085.jpg 768w, https:\/\/quatronum.pl\/pp\/wp-content\/uploads\/2024\/10\/List-od-Minister-Marzeny-Okly-Drewnowicz_page-00011-1087x1536.jpg 1087w, https:\/\/quatronum.pl\/pp\/wp-content\/uploads\/2024\/10\/List-od-Minister-Marzeny-Okly-Drewnowicz_page-00011.jpg 1242w\" sizes=\"(max-width: 725px) 100vw, 725px\" \/>\t\t\t\t\t\t\t\t<\/a>\n\t\t\t\t\t\t\t\t\t\t\t\t\t\t\t<\/div>\n\t\t\t\t<\/div>\n\t\t\t\t\t<\/div>\n\t\t<\/div>\n\t\t\t\t\t<\/div>\n\t\t<\/section>\n\t\t\t\t<div class=\"elementor-element elementor-element-7ccfd4c elementor-widget-divider--view-line elementor-widget elementor-widget-divider\" data-id=\"7ccfd4c\" data-element_type=\"widget\" data-widget_type=\"divider.default\">\n\t\t\t\t<div class=\"elementor-widget-container\">\n\t\t\t\t\t\t\t<div class=\"elementor-divider\">\n\t\t\t<span class=\"elementor-divider-separator\">\n\t\t\t\t\t\t<\/span>\n\t\t<\/div>\n\t\t\t\t\t\t<\/div>\n\t\t\t\t<\/div>\n\t\t\t\t\t<\/div>\n\t\t<\/div>\n\t\t\t\t\t<\/div>\n\t\t<\/section>\n\t\t\t\t<\/div>\n\t\t","protected":false},"excerpt":{"rendered":"<p>II \u015al\u0105ska Konferencja &#8222;Poczuj, \u017ceby zrozumie\u0107&#8221; Dlaczego warto si\u0119 spotka\u0107 ?\u00a0 Zauwa\u017cmy istniej\u0105cy problem zwi\u0105zanym z potrzebami os\u00f3b starszych i niepe\u0142nosprawnych. Budujmy \u015bwiadomo\u015b\u0107, wzmacniajmy siebie w podejmowanych rozwi\u0105zaniach. Cel konferencji.Celem konferencji jest budowanie \u015bwiadomo\u015bci oraz wra\u017cliwo\u015bci na istniej\u0105cy problem niewidzialnych spo\u0142ecznie potrzeb os\u00f3b starszych oraz przedstawienie mo\u017cliwo\u015bci jego rozwi\u0105zania za pomoc\u0105 projektu &#8222;Poczuj, \u017ceby zrozumie\u0107&#8221;&hellip;&nbsp;<a href=\"https:\/\/quatronum.pl\/pp\/konferencja\/\" rel=\"bookmark\">Dowiedz si\u0119 wi\u0119cej &raquo;<span class=\"screen-reader-text\">Konferencja<\/span><\/a><\/p>\n","protected":false},"author":3,"featured_media":0,"parent":0,"menu_order":0,"comment_status":"closed","ping_status":"closed","template":"page-templates\/template-pagebuilder-full-width.php","meta":{"neve_meta_sidebar":"","neve_meta_container":"","neve_meta_enable_content_width":"","neve_meta_content_width":0,"neve_meta_title_alignment":"","neve_meta_author_avatar":"","neve_post_elements_order":"","neve_meta_disable_header":"","neve_meta_disable_footer":"","neve_meta_disable_title":"","footnotes":""},"class_list":["post-877","page","type-page","status-publish","hentry"],"_links":{"self":[{"href":"https:\/\/quatronum.pl\/pp\/wp-json\/wp\/v2\/pages\/877","targetHints":{"allow":["GET"]}}],"collection":[{"href":"https:\/\/quatronum.pl\/pp\/wp-json\/wp\/v2\/pages"}],"about":[{"href":"https:\/\/quatronum.pl\/pp\/wp-json\/wp\/v2\/types\/page"}],"author":[{"embeddable":true,"href":"https:\/\/quatronum.pl\/pp\/wp-json\/wp\/v2\/users\/3"}],"replies":[{"embeddable":true,"href":"https:\/\/quatronum.pl\/pp\/wp-json\/wp\/v2\/comments?post=877"}],"version-history":[{"count":127,"href":"https:\/\/quatronum.pl\/pp\/wp-json\/wp\/v2\/pages\/877\/revisions"}],"predecessor-version":[{"id":84325,"href":"https:\/\/quatronum.pl\/pp\/wp-json\/wp\/v2\/pages\/877\/revisions\/84325"}],"wp:attachment":[{"href":"https:\/\/quatronum.pl\/pp\/wp-json\/wp\/v2\/media?parent=877"}],"curies":[{"name":"wp","href":"https:\/\/api.w.org\/{rel}","templated":true}]}}