{"id":82608,"date":"2023-09-28T13:48:26","date_gmt":"2023-09-28T11:48:26","guid":{"rendered":"https:\/\/quatronum.pl\/pp\/?page_id=82608"},"modified":"2025-03-10T13:25:57","modified_gmt":"2025-03-10T12:25:57","slug":"o-nas","status":"publish","type":"page","link":"https:\/\/quatronum.pl\/pp\/o-nas\/","title":{"rendered":"O nas"},"content":{"rendered":"\t\t<div data-elementor-type=\"wp-page\" data-elementor-id=\"82608\" class=\"elementor elementor-82608\" data-elementor-post-type=\"page\">\n\t\t\t\t\t\t<section class=\"elementor-section elementor-top-section elementor-element elementor-element-b59e893 elementor-section-boxed elementor-section-height-default elementor-section-height-default\" data-id=\"b59e893\" data-element_type=\"section\">\n\t\t\t\t\t\t<div class=\"elementor-container elementor-column-gap-default\">\n\t\t\t\t\t<div class=\"elementor-column elementor-col-100 elementor-top-column elementor-element elementor-element-ec30085\" data-id=\"ec30085\" data-element_type=\"column\">\n\t\t\t<div class=\"elementor-widget-wrap elementor-element-populated\">\n\t\t\t\t\t\t<div class=\"elementor-element elementor-element-c37ee15 elementor-widget elementor-widget-spacer\" data-id=\"c37ee15\" data-element_type=\"widget\" data-widget_type=\"spacer.default\">\n\t\t\t\t<div class=\"elementor-widget-container\">\n\t\t\t\t\t\t\t<div class=\"elementor-spacer\">\n\t\t\t<div class=\"elementor-spacer-inner\"><\/div>\n\t\t<\/div>\n\t\t\t\t\t\t<\/div>\n\t\t\t\t<\/div>\n\t\t\t\t<div class=\"elementor-element elementor-element-db608dc elementor-widget elementor-widget-heading\" data-id=\"db608dc\" data-element_type=\"widget\" data-widget_type=\"heading.default\">\n\t\t\t\t<div class=\"elementor-widget-container\">\n\t\t\t\t\t<h2 class=\"elementor-heading-title elementor-size-default\">O nas<\/h2>\t\t\t\t<\/div>\n\t\t\t\t<\/div>\n\t\t\t\t\t<\/div>\n\t\t<\/div>\n\t\t\t\t\t<\/div>\n\t\t<\/section>\n\t\t\t\t<section class=\"elementor-section elementor-top-section elementor-element elementor-element-4f5f3e5 elementor-section-boxed elementor-section-height-default elementor-section-height-default\" data-id=\"4f5f3e5\" data-element_type=\"section\">\n\t\t\t\t\t\t<div class=\"elementor-container elementor-column-gap-default\">\n\t\t\t\t\t<div class=\"elementor-column elementor-col-100 elementor-top-column elementor-element elementor-element-f34162f\" data-id=\"f34162f\" data-element_type=\"column\">\n\t\t\t<div class=\"elementor-widget-wrap elementor-element-populated\">\n\t\t\t\t\t\t<div class=\"elementor-element elementor-element-99e14a8 elementor-widget elementor-widget-spacer\" data-id=\"99e14a8\" data-element_type=\"widget\" data-widget_type=\"spacer.default\">\n\t\t\t\t<div class=\"elementor-widget-container\">\n\t\t\t\t\t\t\t<div class=\"elementor-spacer\">\n\t\t\t<div class=\"elementor-spacer-inner\"><\/div>\n\t\t<\/div>\n\t\t\t\t\t\t<\/div>\n\t\t\t\t<\/div>\n\t\t\t\t<div class=\"elementor-element elementor-element-a2fa38b elementor-widget elementor-widget-heading\" data-id=\"a2fa38b\" data-element_type=\"widget\" data-widget_type=\"heading.default\">\n\t\t\t\t<div class=\"elementor-widget-container\">\n\t\t\t\t\t<h2 class=\"elementor-heading-title elementor-size-default\">TW\u00d3RCY<\/h2>\t\t\t\t<\/div>\n\t\t\t\t<\/div>\n\t\t\t\t<div class=\"elementor-element elementor-element-f256d32 elementor-widget-divider--view-line elementor-widget elementor-widget-divider\" data-id=\"f256d32\" data-element_type=\"widget\" data-widget_type=\"divider.default\">\n\t\t\t\t<div class=\"elementor-widget-container\">\n\t\t\t\t\t\t\t<div class=\"elementor-divider\">\n\t\t\t<span class=\"elementor-divider-separator\">\n\t\t\t\t\t\t<\/span>\n\t\t<\/div>\n\t\t\t\t\t\t<\/div>\n\t\t\t\t<\/div>\n\t\t\t\t\t<\/div>\n\t\t<\/div>\n\t\t\t\t\t<\/div>\n\t\t<\/section>\n\t\t\t\t<section class=\"elementor-section elementor-top-section elementor-element elementor-element-7a08cd6 elementor-section-boxed elementor-section-height-default elementor-section-height-default\" data-id=\"7a08cd6\" data-element_type=\"section\">\n\t\t\t\t\t\t<div class=\"elementor-container elementor-column-gap-default\">\n\t\t\t\t\t<div class=\"elementor-column elementor-col-33 elementor-top-column elementor-element elementor-element-611bbb1\" data-id=\"611bbb1\" data-element_type=\"column\">\n\t\t\t<div class=\"elementor-widget-wrap elementor-element-populated\">\n\t\t\t\t\t\t<div class=\"elementor-element elementor-element-adb8112 elementor-widget elementor-widget-image\" data-id=\"adb8112\" data-element_type=\"widget\" data-widget_type=\"image.default\">\n\t\t\t\t<div class=\"elementor-widget-container\">\n\t\t\t\t\t\t\t\t\t\t\t\t\t\t\t<img fetchpriority=\"high\" decoding=\"async\" width=\"500\" height=\"500\" src=\"https:\/\/quatronum.pl\/pp\/wp-content\/uploads\/2023\/09\/agnieszka-rzepecka.jpg\" class=\"attachment-large size-large wp-image-82658\" alt=\"\" srcset=\"https:\/\/quatronum.pl\/pp\/wp-content\/uploads\/2023\/09\/agnieszka-rzepecka.jpg 500w, https:\/\/quatronum.pl\/pp\/wp-content\/uploads\/2023\/09\/agnieszka-rzepecka-300x300.jpg 300w, https:\/\/quatronum.pl\/pp\/wp-content\/uploads\/2023\/09\/agnieszka-rzepecka-150x150.jpg 150w\" sizes=\"(max-width: 500px) 100vw, 500px\" \/>\t\t\t\t\t\t\t\t\t\t\t\t\t\t\t<\/div>\n\t\t\t\t<\/div>\n\t\t\t\t<div class=\"elementor-element elementor-element-e447767 elementor-widget elementor-widget-heading\" data-id=\"e447767\" data-element_type=\"widget\" data-widget_type=\"heading.default\">\n\t\t\t\t<div class=\"elementor-widget-container\">\n\t\t\t\t\t<h4 class=\"elementor-heading-title elementor-size-large\">Agnieszka Rzepecka<\/h4>\t\t\t\t<\/div>\n\t\t\t\t<\/div>\n\t\t\t\t<div class=\"elementor-element elementor-element-a346f72 elementor-widget elementor-widget-heading\" data-id=\"a346f72\" data-element_type=\"widget\" data-widget_type=\"heading.default\">\n\t\t\t\t<div class=\"elementor-widget-container\">\n\t\t\t\t\t<div class=\"elementor-heading-title elementor-size-default\">Prezeska Stowarzyszenia<\/div>\t\t\t\t<\/div>\n\t\t\t\t<\/div>\n\t\t\t\t<div class=\"elementor-element elementor-element-89dc8be elementor-widget elementor-widget-toggle\" data-id=\"89dc8be\" data-element_type=\"widget\" data-widget_type=\"toggle.default\">\n\t\t\t\t<div class=\"elementor-widget-container\">\n\t\t\t\t\t\t\t<div class=\"elementor-toggle\">\n\t\t\t\t\t\t\t<div class=\"elementor-toggle-item\">\n\t\t\t\t\t<div id=\"elementor-tab-title-1441\" class=\"elementor-tab-title\" data-tab=\"1\" role=\"button\" aria-controls=\"elementor-tab-content-1441\" aria-expanded=\"false\">\n\t\t\t\t\t\t\t\t\t\t\t\t<span class=\"elementor-toggle-icon elementor-toggle-icon-left\" aria-hidden=\"true\">\n\t\t\t\t\t\t\t\t\t\t\t\t\t\t\t<span class=\"elementor-toggle-icon-closed\"><i class=\"fas fa-caret-right\"><\/i><\/span>\n\t\t\t\t\t\t\t\t<span class=\"elementor-toggle-icon-opened\"><i class=\"elementor-toggle-icon-opened fas fa-caret-up\"><\/i><\/span>\n\t\t\t\t\t\t\t\t\t\t\t\t\t<\/span>\n\t\t\t\t\t\t\t\t\t\t\t\t<a class=\"elementor-toggle-title\" tabindex=\"0\">Wi\u0119cej<\/a>\n\t\t\t\t\t<\/div>\n\n\t\t\t\t\t<div id=\"elementor-tab-content-1441\" class=\"elementor-tab-content elementor-clearfix\" data-tab=\"1\" role=\"region\" aria-labelledby=\"elementor-tab-title-1441\"><p>Pedagog, animator, \u00a0edukator.\u00a0<\/p><p>Posiada 26 letnie do\u015bwiadczenie zawodowe w pracy z r\u00f3\u017cnymi grupami.<br \/>Inicjatorka i realizatorka\u00a0 pierwszego w Katowicach \u015arodowiskowego Programu Profilaktycznego dla Dzieci\u00a0 i M\u0142odzie\u017cy opartego na lokalnej wsp\u00f3\u0142pracy i anga\u017cuj\u0105cego setki wolontariuszy. Inicjatorka powstania M\u0142odzie\u017cowej Kawiarenki w Katowicach Szopienicach, a tak\u017ce\u00a0 Centrum Animacji M\u0142odzie\u017cowej Kot\u0142ownia w Katowicach. Wsp\u00f3\u0142tworzy\u0142a Dzielnicow\u0105 Akademi\u0119 Seniora w Katowicach Zawodziu.<\/p><p>Cz\u0142onek za\u0142o\u017cyciel i prezes od 10 lat Stowarzyszenia na Rzecz Rozwoju Spo\u0142eczno\u015bci Lokalnej Mocni Razem. Wsp\u00f3\u0142tw\u00f3rczyni<br \/>i realizatorka wielu inicjatyw i projekt\u00f3w kierowanych zar\u00f3wno do dzieci jak i m\u0142odzie\u017cy oraz senior\u00f3w.\u00a0 Cz\u0142onek zarz\u0105du, Og\u00f3lnopolskiego Forum Organizator\u00f3w Spo\u0142eczno\u015bci Lokalnych.<\/p><\/div>\n\t\t\t\t<\/div>\n\t\t\t\t\t\t\t\t<\/div>\n\t\t\t\t\t\t<\/div>\n\t\t\t\t<\/div>\n\t\t\t\t\t<\/div>\n\t\t<\/div>\n\t\t\t\t<div class=\"elementor-column elementor-col-33 elementor-top-column elementor-element elementor-element-b3ad6e4\" data-id=\"b3ad6e4\" data-element_type=\"column\">\n\t\t\t<div class=\"elementor-widget-wrap elementor-element-populated\">\n\t\t\t\t\t\t<div class=\"elementor-element elementor-element-cccca73 elementor-widget elementor-widget-image\" data-id=\"cccca73\" data-element_type=\"widget\" data-widget_type=\"image.default\">\n\t\t\t\t<div class=\"elementor-widget-container\">\n\t\t\t\t\t\t\t\t\t\t\t\t\t\t\t<img decoding=\"async\" width=\"500\" height=\"500\" src=\"https:\/\/quatronum.pl\/pp\/wp-content\/uploads\/2023\/09\/beata-laska.jpg\" class=\"attachment-large size-large wp-image-82659\" alt=\"\" srcset=\"https:\/\/quatronum.pl\/pp\/wp-content\/uploads\/2023\/09\/beata-laska.jpg 500w, https:\/\/quatronum.pl\/pp\/wp-content\/uploads\/2023\/09\/beata-laska-300x300.jpg 300w, https:\/\/quatronum.pl\/pp\/wp-content\/uploads\/2023\/09\/beata-laska-150x150.jpg 150w\" sizes=\"(max-width: 500px) 100vw, 500px\" \/>\t\t\t\t\t\t\t\t\t\t\t\t\t\t\t<\/div>\n\t\t\t\t<\/div>\n\t\t\t\t<div class=\"elementor-element elementor-element-50bbe25 elementor-widget elementor-widget-heading\" data-id=\"50bbe25\" data-element_type=\"widget\" data-widget_type=\"heading.default\">\n\t\t\t\t<div class=\"elementor-widget-container\">\n\t\t\t\t\t<h4 class=\"elementor-heading-title elementor-size-large\">Beata Laska<\/h4>\t\t\t\t<\/div>\n\t\t\t\t<\/div>\n\t\t\t\t<div class=\"elementor-element elementor-element-5920b18 elementor-widget elementor-widget-heading\" data-id=\"5920b18\" data-element_type=\"widget\" data-widget_type=\"heading.default\">\n\t\t\t\t<div class=\"elementor-widget-container\">\n\t\t\t\t\t<div class=\"elementor-heading-title elementor-size-default\">Wice Prezeska Stowarzyszenia<\/div>\t\t\t\t<\/div>\n\t\t\t\t<\/div>\n\t\t\t\t<div class=\"elementor-element elementor-element-78266ce elementor-widget elementor-widget-toggle\" data-id=\"78266ce\" data-element_type=\"widget\" data-widget_type=\"toggle.default\">\n\t\t\t\t<div class=\"elementor-widget-container\">\n\t\t\t\t\t\t\t<div class=\"elementor-toggle\">\n\t\t\t\t\t\t\t<div class=\"elementor-toggle-item\">\n\t\t\t\t\t<div id=\"elementor-tab-title-1251\" class=\"elementor-tab-title\" data-tab=\"1\" role=\"button\" aria-controls=\"elementor-tab-content-1251\" aria-expanded=\"false\">\n\t\t\t\t\t\t\t\t\t\t\t\t<span class=\"elementor-toggle-icon elementor-toggle-icon-left\" aria-hidden=\"true\">\n\t\t\t\t\t\t\t\t\t\t\t\t\t\t\t<span class=\"elementor-toggle-icon-closed\"><i class=\"fas fa-caret-right\"><\/i><\/span>\n\t\t\t\t\t\t\t\t<span class=\"elementor-toggle-icon-opened\"><i class=\"elementor-toggle-icon-opened fas fa-caret-up\"><\/i><\/span>\n\t\t\t\t\t\t\t\t\t\t\t\t\t<\/span>\n\t\t\t\t\t\t\t\t\t\t\t\t<a class=\"elementor-toggle-title\" tabindex=\"0\">Wi\u0119cej<\/a>\n\t\t\t\t\t<\/div>\n\n\t\t\t\t\t<div id=\"elementor-tab-content-1251\" class=\"elementor-tab-content elementor-clearfix\" data-tab=\"1\" role=\"region\" aria-labelledby=\"elementor-tab-title-1251\"><p>Pedagog z 35 letnim do\u015bwiadczeniem w pracy z dzie\u0107mi i m\u0142odzie\u017c\u0105. Absolwentka studi\u00f3w podyplomowych z zakresu diagnozy i terapii pedagogicznej, a tak\u017ce doradztwa zawodowego.<\/p><p>Pionier program\u00f3w profilaktycznych w mie\u015bcie Katowice, specjalistka od aktywizowania m\u0142odzie\u017cy w oparciu o dzia\u0142ania wolontaryjne. Przeprowadzi\u0142a i zorganizowa\u0142a wiele warsztat\u00f3w, zaj\u0119\u0107, spotka\u0144 edukacyjnych. Zawsze stara si\u0119 wydoby\u0107 potencja\u0142 i zobaczy\u0107 zasoby, na tym buduje prac\u0119 wychowawcz\u0105 z m\u0142odzie\u017c\u0105.<\/p><p>Za dzia\u0142ania i osi\u0105gni\u0119cia wychowawcze otrzyma\u0142a nagrod\u0119 \u015al\u0105skiego Kuratora O\u015bwiaty oraz Prezydenta Miasta Katowice.<\/p><p>Od 10 lat wiceprezeska stowarzyszenia Mocni Razem. Zrealizowa\u0142a wiele projekt\u00f3w dedykowanych zar\u00f3wno m\u0142odzie\u017cy, jak i doros\u0142ym, a tak\u017ce seniorom. Wielokrotnie \u0142\u0105czy\u0142a pokolenia w organizacji imprez wielopokoleniowych.<\/p><\/div>\n\t\t\t\t<\/div>\n\t\t\t\t\t\t\t\t<\/div>\n\t\t\t\t\t\t<\/div>\n\t\t\t\t<\/div>\n\t\t\t\t\t<\/div>\n\t\t<\/div>\n\t\t\t\t<div class=\"elementor-column elementor-col-33 elementor-top-column elementor-element elementor-element-27937bd\" data-id=\"27937bd\" data-element_type=\"column\">\n\t\t\t<div class=\"elementor-widget-wrap elementor-element-populated\">\n\t\t\t\t\t\t<div class=\"elementor-element elementor-element-1cfed0c elementor-widget elementor-widget-image\" data-id=\"1cfed0c\" data-element_type=\"widget\" data-widget_type=\"image.default\">\n\t\t\t\t<div class=\"elementor-widget-container\">\n\t\t\t\t\t\t\t\t\t\t\t\t\t\t\t<img decoding=\"async\" width=\"500\" height=\"500\" src=\"https:\/\/quatronum.pl\/pp\/wp-content\/uploads\/2023\/09\/dariusz-maliszewski.jpg\" class=\"attachment-full size-full wp-image-82662\" alt=\"\" srcset=\"https:\/\/quatronum.pl\/pp\/wp-content\/uploads\/2023\/09\/dariusz-maliszewski.jpg 500w, https:\/\/quatronum.pl\/pp\/wp-content\/uploads\/2023\/09\/dariusz-maliszewski-300x300.jpg 300w, https:\/\/quatronum.pl\/pp\/wp-content\/uploads\/2023\/09\/dariusz-maliszewski-150x150.jpg 150w\" sizes=\"(max-width: 500px) 100vw, 500px\" \/>\t\t\t\t\t\t\t\t\t\t\t\t\t\t\t<\/div>\n\t\t\t\t<\/div>\n\t\t\t\t<div class=\"elementor-element elementor-element-01a9087 elementor-widget elementor-widget-heading\" data-id=\"01a9087\" data-element_type=\"widget\" data-widget_type=\"heading.default\">\n\t\t\t\t<div class=\"elementor-widget-container\">\n\t\t\t\t\t<h4 class=\"elementor-heading-title elementor-size-large\">Dariusz Maliszewski<\/h4>\t\t\t\t<\/div>\n\t\t\t\t<\/div>\n\t\t\t\t<div class=\"elementor-element elementor-element-b1cc3d5 elementor-widget elementor-widget-heading\" data-id=\"b1cc3d5\" data-element_type=\"widget\" data-widget_type=\"heading.default\">\n\t\t\t\t<div class=\"elementor-widget-container\">\n\t\t\t\t\t<div class=\"elementor-heading-title elementor-size-default\">Prezes Fundacji Quatronum<\/div>\t\t\t\t<\/div>\n\t\t\t\t<\/div>\n\t\t\t\t<div class=\"elementor-element elementor-element-7b82339 elementor-widget elementor-widget-toggle\" data-id=\"7b82339\" data-element_type=\"widget\" data-widget_type=\"toggle.default\">\n\t\t\t\t<div class=\"elementor-widget-container\">\n\t\t\t\t\t\t\t<div class=\"elementor-toggle\">\n\t\t\t\t\t\t\t<div class=\"elementor-toggle-item\">\n\t\t\t\t\t<div id=\"elementor-tab-title-1291\" class=\"elementor-tab-title\" data-tab=\"1\" role=\"button\" aria-controls=\"elementor-tab-content-1291\" aria-expanded=\"false\">\n\t\t\t\t\t\t\t\t\t\t\t\t<span class=\"elementor-toggle-icon elementor-toggle-icon-left\" aria-hidden=\"true\">\n\t\t\t\t\t\t\t\t\t\t\t\t\t\t\t<span class=\"elementor-toggle-icon-closed\"><i class=\"fas fa-caret-right\"><\/i><\/span>\n\t\t\t\t\t\t\t\t<span class=\"elementor-toggle-icon-opened\"><i class=\"elementor-toggle-icon-opened fas fa-caret-up\"><\/i><\/span>\n\t\t\t\t\t\t\t\t\t\t\t\t\t<\/span>\n\t\t\t\t\t\t\t\t\t\t\t\t<a class=\"elementor-toggle-title\" tabindex=\"0\">Wi\u0119cej<\/a>\n\t\t\t\t\t<\/div>\n\n\t\t\t\t\t<div id=\"elementor-tab-content-1291\" class=\"elementor-tab-content elementor-clearfix\" data-tab=\"1\" role=\"region\" aria-labelledby=\"elementor-tab-title-1291\"><p>Menad\u017cer z 20 letnim do\u015bwiadczeniem.&nbsp;<\/p>\n<p>Pedagog \u2013 absolwent UNS na kierunku&nbsp; Organizacja i Zarz\u0105dzanie w Us\u0142ugach Spo\u0142ecznych i Edukacyjnych.&nbsp;<\/p>\n<p>Propagator zdrowego stylu \u017cycia, absolwent WSTH na kierunku \u2013 Promocja Zdrowia z Elementami Zdrowia Publicznego.<\/p>\n<p>Prezes zarz\u0105du Qubus Group sp. z o.o. -organizatora najbardziej niezwyk\u0142ych kolonii i zimowisk dla dzieci i m\u0142odzie\u017cy \u2013&nbsp;<a href=\"http:\/\/qautronum.pl\" target=\"_blank\" style=\"font-family: var( --e-global-typography-text-font-family ), Sans-serif; font-weight: var( --e-global-typography-text-font-weight ); background-color: var(--nv-site-bg); font-size: var(--bodyfontsize); letter-spacing: var(--bodyletterspacing); text-transform: var(--bodytexttransform);\">Quatronum<\/a><\/p><\/div>\n\t\t\t\t<\/div>\n\t\t\t\t\t\t\t\t<\/div>\n\t\t\t\t\t\t<\/div>\n\t\t\t\t<\/div>\n\t\t\t\t\t<\/div>\n\t\t<\/div>\n\t\t\t\t\t<\/div>\n\t\t<\/section>\n\t\t\t\t<section class=\"elementor-section elementor-top-section elementor-element elementor-element-80cdaa4 elementor-section-boxed elementor-section-height-default elementor-section-height-default\" data-id=\"80cdaa4\" data-element_type=\"section\">\n\t\t\t\t\t\t<div class=\"elementor-container elementor-column-gap-default\">\n\t\t\t\t\t<div class=\"elementor-column elementor-col-100 elementor-top-column elementor-element elementor-element-408e532\" data-id=\"408e532\" data-element_type=\"column\">\n\t\t\t<div class=\"elementor-widget-wrap elementor-element-populated\">\n\t\t\t\t\t\t<div class=\"elementor-element elementor-element-1e78a4d elementor-widget elementor-widget-spacer\" data-id=\"1e78a4d\" data-element_type=\"widget\" data-widget_type=\"spacer.default\">\n\t\t\t\t<div class=\"elementor-widget-container\">\n\t\t\t\t\t\t\t<div class=\"elementor-spacer\">\n\t\t\t<div class=\"elementor-spacer-inner\"><\/div>\n\t\t<\/div>\n\t\t\t\t\t\t<\/div>\n\t\t\t\t<\/div>\n\t\t\t\t<div class=\"elementor-element elementor-element-6cd77f5 elementor-widget elementor-widget-heading\" data-id=\"6cd77f5\" data-element_type=\"widget\" data-widget_type=\"heading.default\">\n\t\t\t\t<div class=\"elementor-widget-container\">\n\t\t\t\t\t<h2 class=\"elementor-heading-title elementor-size-default\">ZESP\u00d3\u0141<\/h2>\t\t\t\t<\/div>\n\t\t\t\t<\/div>\n\t\t\t\t<div class=\"elementor-element elementor-element-d15f17f elementor-widget-divider--view-line elementor-widget elementor-widget-divider\" data-id=\"d15f17f\" data-element_type=\"widget\" data-widget_type=\"divider.default\">\n\t\t\t\t<div class=\"elementor-widget-container\">\n\t\t\t\t\t\t\t<div class=\"elementor-divider\">\n\t\t\t<span class=\"elementor-divider-separator\">\n\t\t\t\t\t\t<\/span>\n\t\t<\/div>\n\t\t\t\t\t\t<\/div>\n\t\t\t\t<\/div>\n\t\t\t\t\t<\/div>\n\t\t<\/div>\n\t\t\t\t\t<\/div>\n\t\t<\/section>\n\t\t\t\t<section class=\"elementor-section elementor-top-section elementor-element elementor-element-2e00291 elementor-section-boxed elementor-section-height-default elementor-section-height-default\" data-id=\"2e00291\" data-element_type=\"section\">\n\t\t\t\t\t\t<div class=\"elementor-container elementor-column-gap-default\">\n\t\t\t\t\t<div class=\"elementor-column elementor-col-33 elementor-top-column elementor-element elementor-element-f3f699c\" data-id=\"f3f699c\" data-element_type=\"column\">\n\t\t\t<div class=\"elementor-widget-wrap elementor-element-populated\">\n\t\t\t\t\t\t<div class=\"elementor-element elementor-element-28f65ac elementor-widget elementor-widget-image\" data-id=\"28f65ac\" data-element_type=\"widget\" data-widget_type=\"image.default\">\n\t\t\t\t<div class=\"elementor-widget-container\">\n\t\t\t\t\t\t\t\t\t\t\t\t\t\t\t<img loading=\"lazy\" decoding=\"async\" width=\"512\" height=\"512\" src=\"https:\/\/quatronum.pl\/pp\/wp-content\/uploads\/2023\/09\/ewa-krupa-herbska.jpg\" class=\"attachment-large size-large wp-image-82643\" alt=\"\" srcset=\"https:\/\/quatronum.pl\/pp\/wp-content\/uploads\/2023\/09\/ewa-krupa-herbska.jpg 512w, https:\/\/quatronum.pl\/pp\/wp-content\/uploads\/2023\/09\/ewa-krupa-herbska-300x300.jpg 300w, https:\/\/quatronum.pl\/pp\/wp-content\/uploads\/2023\/09\/ewa-krupa-herbska-150x150.jpg 150w\" sizes=\"(max-width: 512px) 100vw, 512px\" \/>\t\t\t\t\t\t\t\t\t\t\t\t\t\t\t<\/div>\n\t\t\t\t<\/div>\n\t\t\t\t<div class=\"elementor-element elementor-element-3b9317c elementor-widget elementor-widget-heading\" data-id=\"3b9317c\" data-element_type=\"widget\" data-widget_type=\"heading.default\">\n\t\t\t\t<div class=\"elementor-widget-container\">\n\t\t\t\t\t<h4 class=\"elementor-heading-title elementor-size-large\">Ewa Krupa-Herbska<\/h4>\t\t\t\t<\/div>\n\t\t\t\t<\/div>\n\t\t\t\t<div class=\"elementor-element elementor-element-1a5d321 elementor-widget elementor-widget-heading\" data-id=\"1a5d321\" data-element_type=\"widget\" data-widget_type=\"heading.default\">\n\t\t\t\t<div class=\"elementor-widget-container\">\n\t\t\t\t\t<div class=\"elementor-heading-title elementor-size-default\">Ekonomistka<\/div>\t\t\t\t<\/div>\n\t\t\t\t<\/div>\n\t\t\t\t<div class=\"elementor-element elementor-element-3595502 elementor-widget elementor-widget-toggle\" data-id=\"3595502\" data-element_type=\"widget\" data-widget_type=\"toggle.default\">\n\t\t\t\t<div class=\"elementor-widget-container\">\n\t\t\t\t\t\t\t<div class=\"elementor-toggle\">\n\t\t\t\t\t\t\t<div class=\"elementor-toggle-item\">\n\t\t\t\t\t<div id=\"elementor-tab-title-5611\" class=\"elementor-tab-title\" data-tab=\"1\" role=\"button\" aria-controls=\"elementor-tab-content-5611\" aria-expanded=\"false\">\n\t\t\t\t\t\t\t\t\t\t\t\t<span class=\"elementor-toggle-icon elementor-toggle-icon-left\" aria-hidden=\"true\">\n\t\t\t\t\t\t\t\t\t\t\t\t\t\t\t<span class=\"elementor-toggle-icon-closed\"><i class=\"fas fa-caret-right\"><\/i><\/span>\n\t\t\t\t\t\t\t\t<span class=\"elementor-toggle-icon-opened\"><i class=\"elementor-toggle-icon-opened fas fa-caret-up\"><\/i><\/span>\n\t\t\t\t\t\t\t\t\t\t\t\t\t<\/span>\n\t\t\t\t\t\t\t\t\t\t\t\t<a class=\"elementor-toggle-title\" tabindex=\"0\">Wi\u0119cej<\/a>\n\t\t\t\t\t<\/div>\n\n\t\t\t\t\t<div id=\"elementor-tab-content-5611\" class=\"elementor-tab-content elementor-clearfix\" data-tab=\"1\" role=\"region\" aria-labelledby=\"elementor-tab-title-5611\"><p>Pogodna i u\u015bmiechni\u0119ta. Zawsze pe\u0142na pomys\u0142\u00f3w, nie ma dla niej rzeczy niemo\u017cliwych, wspiera nawet najbardziej szalone inicjatywy, przy czym potrafi twardo st\u0105pa\u0107 po ziemi. \u0141atwo zjednuje sobie ludzi.<\/p><p>Uko\u0144czy\u0142a Uniwersytet Ekonomiczny na wydziale zarz\u0105dzania. My\u015bli globalnie \u2013 dzia\u0142a lokalnie! Patriotka lokalna, dzia\u0142a na rzecz ma\u0142ych spo\u0142eczno\u015bci w swoim rodzinnym mie\u015bcie. Z sukcesem wypromowa\u0142a i zrealizowa\u0142a projekty z Bud\u017cetu Obywatelskiego i Inicjatywy Lokalnej. Zgodnie z jej motto: \u201ewszystkie dzieci nasze s\u0105\u201d od zawsze anga\u017cuje si\u0119 w akcje wspieraj\u0105ce dzieci i m\u0142odzie\u017c w rozwoju. Jej pasj\u0105 s\u0105 dzia\u0142ania na rzecz dzieci, podr\u00f3\u017ce i taniec.<\/p><\/div>\n\t\t\t\t<\/div>\n\t\t\t\t\t\t\t\t<\/div>\n\t\t\t\t\t\t<\/div>\n\t\t\t\t<\/div>\n\t\t\t\t\t<\/div>\n\t\t<\/div>\n\t\t\t\t<div class=\"elementor-column elementor-col-33 elementor-top-column elementor-element elementor-element-e02f214\" data-id=\"e02f214\" data-element_type=\"column\">\n\t\t\t<div class=\"elementor-widget-wrap elementor-element-populated\">\n\t\t\t\t\t\t<div class=\"elementor-element elementor-element-1d71183 elementor-widget elementor-widget-image\" data-id=\"1d71183\" data-element_type=\"widget\" data-widget_type=\"image.default\">\n\t\t\t\t<div class=\"elementor-widget-container\">\n\t\t\t\t\t\t\t\t\t\t\t\t\t\t\t<img loading=\"lazy\" decoding=\"async\" width=\"512\" height=\"512\" src=\"https:\/\/quatronum.pl\/pp\/wp-content\/uploads\/2023\/09\/Alicja-Tomzynska.jpg\" class=\"attachment-large size-large wp-image-82628\" alt=\"\" srcset=\"https:\/\/quatronum.pl\/pp\/wp-content\/uploads\/2023\/09\/Alicja-Tomzynska.jpg 512w, https:\/\/quatronum.pl\/pp\/wp-content\/uploads\/2023\/09\/Alicja-Tomzynska-300x300.jpg 300w, https:\/\/quatronum.pl\/pp\/wp-content\/uploads\/2023\/09\/Alicja-Tomzynska-150x150.jpg 150w\" sizes=\"(max-width: 512px) 100vw, 512px\" \/>\t\t\t\t\t\t\t\t\t\t\t\t\t\t\t<\/div>\n\t\t\t\t<\/div>\n\t\t\t\t<div class=\"elementor-element elementor-element-d76238e elementor-widget elementor-widget-heading\" data-id=\"d76238e\" data-element_type=\"widget\" data-widget_type=\"heading.default\">\n\t\t\t\t<div class=\"elementor-widget-container\">\n\t\t\t\t\t<h4 class=\"elementor-heading-title elementor-size-large\">Alicja Tom\u017cy\u0144ska<\/h4>\t\t\t\t<\/div>\n\t\t\t\t<\/div>\n\t\t\t\t<div class=\"elementor-element elementor-element-56655d0 elementor-widget elementor-widget-heading\" data-id=\"56655d0\" data-element_type=\"widget\" data-widget_type=\"heading.default\">\n\t\t\t\t<div class=\"elementor-widget-container\">\n\t\t\t\t\t<div class=\"elementor-heading-title elementor-size-default\">Psycholo\u017cka<\/div>\t\t\t\t<\/div>\n\t\t\t\t<\/div>\n\t\t\t\t<div class=\"elementor-element elementor-element-c9fea1c elementor-widget elementor-widget-toggle\" data-id=\"c9fea1c\" data-element_type=\"widget\" data-widget_type=\"toggle.default\">\n\t\t\t\t<div class=\"elementor-widget-container\">\n\t\t\t\t\t\t\t<div class=\"elementor-toggle\">\n\t\t\t\t\t\t\t<div class=\"elementor-toggle-item\">\n\t\t\t\t\t<div id=\"elementor-tab-title-2111\" class=\"elementor-tab-title\" data-tab=\"1\" role=\"button\" aria-controls=\"elementor-tab-content-2111\" aria-expanded=\"false\">\n\t\t\t\t\t\t\t\t\t\t\t\t<span class=\"elementor-toggle-icon elementor-toggle-icon-left\" aria-hidden=\"true\">\n\t\t\t\t\t\t\t\t\t\t\t\t\t\t\t<span class=\"elementor-toggle-icon-closed\"><i class=\"fas fa-caret-right\"><\/i><\/span>\n\t\t\t\t\t\t\t\t<span class=\"elementor-toggle-icon-opened\"><i class=\"elementor-toggle-icon-opened fas fa-caret-up\"><\/i><\/span>\n\t\t\t\t\t\t\t\t\t\t\t\t\t<\/span>\n\t\t\t\t\t\t\t\t\t\t\t\t<a class=\"elementor-toggle-title\" tabindex=\"0\">Wi\u0119cej<\/a>\n\t\t\t\t\t<\/div>\n\n\t\t\t\t\t<div id=\"elementor-tab-content-2111\" class=\"elementor-tab-content elementor-clearfix\" data-tab=\"1\" role=\"region\" aria-labelledby=\"elementor-tab-title-2111\"><p>Z wykszta\u0142cenia psycholog, od prawie 2 lat zwi\u0105zana zawodowo z trzecim sektorem. Na co dzie\u0144 pracuje jako specjalista ds. obs\u0142ugi ngo w Centrum Organizacji Pozarz\u0105dowych w Katowicach.<\/p><p>Obecnie Cz\u0142onek Stowarzyszenia Mocni Razem, koordynator Dzielnicowej Akademii Seniora w dzielnicy Zawodzie. Od 2022 r. regularnie je\u017adzi z seniorami na wycieczki turystyczno-krajoznawcze.<\/p><p>Jest zaanga\u017cowana w projekt ,,Poczuj, aby zrozumie\u0107&#8221;, poniewa\u017c dostrzega, jak wa\u017cn\u0105 i warto\u015bciow\u0105 cz\u0119\u015b\u0107 spo\u0142ecze\u0144stwa stanowi\u0105 seniorzy.<\/p><\/div>\n\t\t\t\t<\/div>\n\t\t\t\t\t\t\t\t<\/div>\n\t\t\t\t\t\t<\/div>\n\t\t\t\t<\/div>\n\t\t\t\t\t<\/div>\n\t\t<\/div>\n\t\t\t\t<div class=\"elementor-column elementor-col-33 elementor-top-column elementor-element elementor-element-76d2683\" data-id=\"76d2683\" data-element_type=\"column\">\n\t\t\t<div class=\"elementor-widget-wrap elementor-element-populated\">\n\t\t\t\t\t\t<div class=\"elementor-element elementor-element-8144ad1 elementor-widget elementor-widget-image\" data-id=\"8144ad1\" data-element_type=\"widget\" data-widget_type=\"image.default\">\n\t\t\t\t<div class=\"elementor-widget-container\">\n\t\t\t\t\t\t\t\t\t\t\t\t\t\t\t<img loading=\"lazy\" decoding=\"async\" width=\"500\" height=\"500\" src=\"https:\/\/quatronum.pl\/pp\/wp-content\/uploads\/2023\/09\/dawid-bawor.jpg\" class=\"attachment-large size-large wp-image-82653\" alt=\"\" srcset=\"https:\/\/quatronum.pl\/pp\/wp-content\/uploads\/2023\/09\/dawid-bawor.jpg 500w, https:\/\/quatronum.pl\/pp\/wp-content\/uploads\/2023\/09\/dawid-bawor-300x300.jpg 300w, https:\/\/quatronum.pl\/pp\/wp-content\/uploads\/2023\/09\/dawid-bawor-150x150.jpg 150w\" sizes=\"(max-width: 500px) 100vw, 500px\" \/>\t\t\t\t\t\t\t\t\t\t\t\t\t\t\t<\/div>\n\t\t\t\t<\/div>\n\t\t\t\t<div class=\"elementor-element elementor-element-f46db09 elementor-widget elementor-widget-heading\" data-id=\"f46db09\" data-element_type=\"widget\" data-widget_type=\"heading.default\">\n\t\t\t\t<div class=\"elementor-widget-container\">\n\t\t\t\t\t<h4 class=\"elementor-heading-title elementor-size-large\">David Bawor<\/h4>\t\t\t\t<\/div>\n\t\t\t\t<\/div>\n\t\t\t\t<div class=\"elementor-element elementor-element-081fc64 elementor-widget elementor-widget-heading\" data-id=\"081fc64\" data-element_type=\"widget\" data-widget_type=\"heading.default\">\n\t\t\t\t<div class=\"elementor-widget-container\">\n\t\t\t\t\t<div class=\"elementor-heading-title elementor-size-default\">Student animacji spo\u0142eczno-kulturalnej<\/div>\t\t\t\t<\/div>\n\t\t\t\t<\/div>\n\t\t\t\t<div class=\"elementor-element elementor-element-bc65a85 elementor-widget elementor-widget-toggle\" data-id=\"bc65a85\" data-element_type=\"widget\" data-widget_type=\"toggle.default\">\n\t\t\t\t<div class=\"elementor-widget-container\">\n\t\t\t\t\t\t\t<div class=\"elementor-toggle\">\n\t\t\t\t\t\t\t<div class=\"elementor-toggle-item\">\n\t\t\t\t\t<div id=\"elementor-tab-title-1971\" class=\"elementor-tab-title\" data-tab=\"1\" role=\"button\" aria-controls=\"elementor-tab-content-1971\" aria-expanded=\"false\">\n\t\t\t\t\t\t\t\t\t\t\t\t<span class=\"elementor-toggle-icon elementor-toggle-icon-left\" aria-hidden=\"true\">\n\t\t\t\t\t\t\t\t\t\t\t\t\t\t\t<span class=\"elementor-toggle-icon-closed\"><i class=\"fas fa-caret-right\"><\/i><\/span>\n\t\t\t\t\t\t\t\t<span class=\"elementor-toggle-icon-opened\"><i class=\"elementor-toggle-icon-opened fas fa-caret-up\"><\/i><\/span>\n\t\t\t\t\t\t\t\t\t\t\t\t\t<\/span>\n\t\t\t\t\t\t\t\t\t\t\t\t<a class=\"elementor-toggle-title\" tabindex=\"0\">Wi\u0119cej<\/a>\n\t\t\t\t\t<\/div>\n\n\t\t\t\t\t<div id=\"elementor-tab-content-1971\" class=\"elementor-tab-content elementor-clearfix\" data-tab=\"1\" role=\"region\" aria-labelledby=\"elementor-tab-title-1971\"><p style=\"margin: 0cm; font-size: 12pt; font-family: Calibri, sans-serif; color: #000000; line-height: 15pt; background-image: initial; background-position: initial; background-size: initial; background-repeat: initial; background-attachment: initial; background-origin: initial; background-clip: initial;\"><span style=\"font-size: 11.5pt; font-family: 'inherit', serif; color: #1c1e21;\">Student Animacji Spo\u0142eczno-Kulturalnej na Wydziale Sztuki i Nauk o Edukacji w Cieszynie. Tancerz, choreograf, instruktor ta\u0144ca. Wielokrotny zwyci\u0119zca og\u00f3lnopolskich turniej\u00f3w ta\u0144ca, posiadacz najwy\u017cszej klasy narodowej w ta\u0144cu towarzyskim, realizator wielu projekt\u00f3w artystycznych, tanecznych i wokalnych w Polsce i za granic\u0105. Od 15 lat jako instruktor artystyczny, teatralny i taneczny pracowa\u0142 ju\u017c z ka\u017cd\u0105 grup\u0105 wiekow\u0105, dlatego budowanie mi\u0119dzypokoleniowych most\u00f3w nie jest dla niego \u017cadnym problemem, a praca z cz\u0142owiekiem jest czyst\u0105 pasj\u0105. Wolontariusz w Fundacji Quatronum.<\/span><\/p><\/div>\n\t\t\t\t<\/div>\n\t\t\t\t\t\t\t\t<\/div>\n\t\t\t\t\t\t<\/div>\n\t\t\t\t<\/div>\n\t\t\t\t\t<\/div>\n\t\t<\/div>\n\t\t\t\t\t<\/div>\n\t\t<\/section>\n\t\t\t\t<section class=\"elementor-section elementor-top-section elementor-element elementor-element-1a11aa4 elementor-section-boxed elementor-section-height-default elementor-section-height-default\" data-id=\"1a11aa4\" data-element_type=\"section\">\n\t\t\t\t\t\t<div class=\"elementor-container elementor-column-gap-default\">\n\t\t\t\t\t<div class=\"elementor-column elementor-col-100 elementor-top-column elementor-element elementor-element-20eca13\" data-id=\"20eca13\" data-element_type=\"column\">\n\t\t\t<div class=\"elementor-widget-wrap elementor-element-populated\">\n\t\t\t\t\t\t<div class=\"elementor-element elementor-element-2c2f978 elementor-widget elementor-widget-spacer\" data-id=\"2c2f978\" data-element_type=\"widget\" data-widget_type=\"spacer.default\">\n\t\t\t\t<div class=\"elementor-widget-container\">\n\t\t\t\t\t\t\t<div class=\"elementor-spacer\">\n\t\t\t<div class=\"elementor-spacer-inner\"><\/div>\n\t\t<\/div>\n\t\t\t\t\t\t<\/div>\n\t\t\t\t<\/div>\n\t\t\t\t\t<\/div>\n\t\t<\/div>\n\t\t\t\t\t<\/div>\n\t\t<\/section>\n\t\t\t\t<\/div>\n\t\t","protected":false},"excerpt":{"rendered":"<p>O nas TW\u00d3RCY Agnieszka Rzepecka Prezeska Stowarzyszenia Wi\u0119cej Pedagog, animator, \u00a0edukator.\u00a0 Posiada 26 letnie do\u015bwiadczenie zawodowe w pracy z r\u00f3\u017cnymi grupami.Inicjatorka i realizatorka\u00a0 pierwszego w Katowicach \u015arodowiskowego Programu Profilaktycznego dla Dzieci\u00a0 i M\u0142odzie\u017cy opartego na lokalnej wsp\u00f3\u0142pracy i anga\u017cuj\u0105cego setki wolontariuszy. Inicjatorka powstania M\u0142odzie\u017cowej Kawiarenki w Katowicach Szopienicach, a tak\u017ce\u00a0 Centrum Animacji M\u0142odzie\u017cowej Kot\u0142ownia w&hellip;&nbsp;<a href=\"https:\/\/quatronum.pl\/pp\/o-nas\/\" rel=\"bookmark\">Dowiedz si\u0119 wi\u0119cej &raquo;<span class=\"screen-reader-text\">O nas<\/span><\/a><\/p>\n","protected":false},"author":3,"featured_media":0,"parent":0,"menu_order":0,"comment_status":"closed","ping_status":"closed","template":"page-templates\/template-pagebuilder-full-width.php","meta":{"neve_meta_sidebar":"","neve_meta_container":"","neve_meta_enable_content_width":"","neve_meta_content_width":0,"neve_meta_title_alignment":"","neve_meta_author_avatar":"","neve_post_elements_order":"","neve_meta_disable_header":"","neve_meta_disable_footer":"","neve_meta_disable_title":"","footnotes":""},"class_list":["post-82608","page","type-page","status-publish","hentry"],"_links":{"self":[{"href":"https:\/\/quatronum.pl\/pp\/wp-json\/wp\/v2\/pages\/82608","targetHints":{"allow":["GET"]}}],"collection":[{"href":"https:\/\/quatronum.pl\/pp\/wp-json\/wp\/v2\/pages"}],"about":[{"href":"https:\/\/quatronum.pl\/pp\/wp-json\/wp\/v2\/types\/page"}],"author":[{"embeddable":true,"href":"https:\/\/quatronum.pl\/pp\/wp-json\/wp\/v2\/users\/3"}],"replies":[{"embeddable":true,"href":"https:\/\/quatronum.pl\/pp\/wp-json\/wp\/v2\/comments?post=82608"}],"version-history":[{"count":64,"href":"https:\/\/quatronum.pl\/pp\/wp-json\/wp\/v2\/pages\/82608\/revisions"}],"predecessor-version":[{"id":84356,"href":"https:\/\/quatronum.pl\/pp\/wp-json\/wp\/v2\/pages\/82608\/revisions\/84356"}],"wp:attachment":[{"href":"https:\/\/quatronum.pl\/pp\/wp-json\/wp\/v2\/media?parent=82608"}],"curies":[{"name":"wp","href":"https:\/\/api.w.org\/{rel}","templated":true}]}}